{"id":913,"date":"2019-02-01T20:56:35","date_gmt":"2019-02-01T19:56:35","guid":{"rendered":"http:\/\/www.eclat-de-linstant.fr\/?page_id=913"},"modified":"2020-06-09T10:59:50","modified_gmt":"2020-06-09T08:59:50","slug":"cycle-saisons-energie","status":"publish","type":"page","link":"https:\/\/www.eclat-de-linstant.fr\/index.php\/cycle-saisons-energie\/","title":{"rendered":"CYCLE-SAISONS-ENERGIE"},"content":{"rendered":"\t\t<div data-elementor-type=\"wp-post\" data-elementor-id=\"913\" class=\"elementor elementor-913\">\n\t\t\t\t\t\t<div class=\"elementor-inner\">\n\t\t\t\t<div class=\"elementor-section-wrap\">\n\t\t\t\t\t\t\t\t\t<section class=\"elementor-section elementor-top-section elementor-element elementor-element-2a1d0d80 elementor-section-height-min-height elementor-section-content-middle elementor-section-stretched elementor-section-boxed elementor-section-height-default elementor-section-items-middle\" data-id=\"2a1d0d80\" data-element_type=\"section\" data-settings=\"{&quot;background_background&quot;:&quot;classic&quot;,&quot;stretch_section&quot;:&quot;section-stretched&quot;}\">\n\t\t\t\t\t\t\t<div class=\"elementor-background-overlay\"><\/div>\n\t\t\t\t\t\t\t<div class=\"elementor-container elementor-column-gap-default\">\n\t\t\t\t\t\t\t<div class=\"elementor-row\">\n\t\t\t\t\t<div class=\"aux-parallax-section elementor-column elementor-col-100 elementor-top-column elementor-element elementor-element-4a3d04a\" data-id=\"4a3d04a\" data-element_type=\"column\">\n\t\t\t<div class=\"elementor-column-wrap\">\n\t\t\t\t\t\t\t<div class=\"elementor-widget-wrap\">\n\t\t\t\t\t\t\t\t<\/div>\n\t\t\t\t\t<\/div>\n\t\t<\/div>\n\t\t\t\t\t\t\t\t<\/div>\n\t\t\t\t\t<\/div>\n\t\t<\/section>\n\t\t\t\t<section class=\"elementor-section elementor-top-section elementor-element elementor-element-48f26c1c elementor-section-stretched elementor-section-boxed elementor-section-height-default elementor-section-height-default\" data-id=\"48f26c1c\" data-element_type=\"section\" data-settings=\"{&quot;stretch_section&quot;:&quot;section-stretched&quot;,&quot;background_background&quot;:&quot;classic&quot;}\">\n\t\t\t\t\t\t<div class=\"elementor-container elementor-column-gap-default\">\n\t\t\t\t\t\t\t<div class=\"elementor-row\">\n\t\t\t\t\t<div class=\"aux-parallax-section elementor-column elementor-col-100 elementor-top-column elementor-element elementor-element-285f11d6\" data-id=\"285f11d6\" data-element_type=\"column\">\n\t\t\t<div class=\"elementor-column-wrap elementor-element-populated\">\n\t\t\t\t\t\t\t<div class=\"elementor-widget-wrap\">\n\t\t\t\t\t\t<div class=\"elementor-element elementor-element-608bac92 elementor-hidden-tablet elementor-hidden-phone elementor-widget elementor-widget-heading\" data-id=\"608bac92\" data-element_type=\"widget\" data-widget_type=\"heading.default\">\n\t\t\t\t<div class=\"elementor-widget-container\">\n\t\t\t<h1 class=\"elementor-heading-title elementor-size-default\">\"Votre regard sur la vie vous nourrit, les souffles du ciel traversent vos poumons et vos r\u00eaves parcourent les eaux profondes. \nVotre corps est un jour qui se l\u00e8ve et une nuit qui s'\u00e9tale. \nSa croissance est printemps, l'hiver son repos. \nVous vivez au rythme de la terre et du ciel et partagez avec eux la m\u00eame et unique vie. [...] \nTout sur terre est exemple \u00e0 imiter, parce-qu'elle est votre ascendance et votre enveloppe, votre berceau, votre transformation, la mati\u00e8re r\u00e9v\u00e9l\u00e9e de votre parcours\"<\/h1>\t\t<\/div>\n\t\t\t\t<\/div>\n\t\t\t\t<div class=\"elementor-element elementor-element-2a1fd060 elementor-hidden-tablet elementor-hidden-phone elementor-widget elementor-widget-heading\" data-id=\"2a1fd060\" data-element_type=\"widget\" data-widget_type=\"heading.default\">\n\t\t\t\t<div class=\"elementor-widget-container\">\n\t\t\t<h3 class=\"elementor-heading-title elementor-size-default\">Namgyal Yamphel<\/h3>\t\t<\/div>\n\t\t\t\t<\/div>\n\t\t\t\t\t\t<\/div>\n\t\t\t\t\t<\/div>\n\t\t<\/div>\n\t\t\t\t\t\t\t\t<\/div>\n\t\t\t\t\t<\/div>\n\t\t<\/section>\n\t\t\t\t<section class=\"elementor-section elementor-top-section elementor-element elementor-element-4fe21673 elementor-section-stretched elementor-section-full_width elementor-section-height-default elementor-section-height-default\" data-id=\"4fe21673\" data-element_type=\"section\" data-settings=\"{&quot;stretch_section&quot;:&quot;section-stretched&quot;}\">\n\t\t\t\t\t\t<div class=\"elementor-container elementor-column-gap-default\">\n\t\t\t\t\t\t\t<div class=\"elementor-row\">\n\t\t\t\t\t<div class=\"aux-parallax-section elementor-column elementor-col-100 elementor-top-column elementor-element elementor-element-a9f45b0\" data-id=\"a9f45b0\" data-element_type=\"column\">\n\t\t\t<div class=\"elementor-column-wrap elementor-element-populated\">\n\t\t\t\t\t\t\t<div class=\"elementor-widget-wrap\">\n\t\t\t\t\t\t<div class=\"elementor-element elementor-element-768798e6 elementor-widget elementor-widget-spacer\" data-id=\"768798e6\" data-element_type=\"widget\" data-widget_type=\"spacer.default\">\n\t\t\t\t<div class=\"elementor-widget-container\">\n\t\t\t\t\t<div class=\"elementor-spacer\">\n\t\t\t<div class=\"elementor-spacer-inner\"><\/div>\n\t\t<\/div>\n\t\t\t\t<\/div>\n\t\t\t\t<\/div>\n\t\t\t\t\t\t<\/div>\n\t\t\t\t\t<\/div>\n\t\t<\/div>\n\t\t\t\t\t\t\t\t<\/div>\n\t\t\t\t\t<\/div>\n\t\t<\/section>\n\t\t\t\t<section class=\"elementor-section elementor-top-section elementor-element elementor-element-5d71001e elementor-section-boxed elementor-section-height-default elementor-section-height-default\" data-id=\"5d71001e\" data-element_type=\"section\">\n\t\t\t\t\t\t<div class=\"elementor-container elementor-column-gap-default\">\n\t\t\t\t\t\t\t<div class=\"elementor-row\">\n\t\t\t\t\t<div class=\"aux-parallax-section elementor-column elementor-col-100 elementor-top-column elementor-element elementor-element-97d855d\" data-id=\"97d855d\" data-element_type=\"column\">\n\t\t\t<div class=\"elementor-column-wrap elementor-element-populated\">\n\t\t\t\t\t\t\t<div class=\"elementor-widget-wrap\">\n\t\t\t\t\t\t<div class=\"elementor-element elementor-element-aaf2e90 elementor-widget elementor-widget-heading\" data-id=\"aaf2e90\" data-element_type=\"widget\" data-widget_type=\"heading.default\">\n\t\t\t\t<div class=\"elementor-widget-container\">\n\t\t\t<h2 class=\"elementor-heading-title elementor-size-default\"><span style=\"font-size: 33.6034px;\">CYCLES D'ATELIERS SAISONS ET \u00c9NERGIE<\/span><\/h2>\t\t<\/div>\n\t\t\t\t<\/div>\n\t\t\t\t<div class=\"elementor-element elementor-element-17509c5c elementor-widget elementor-widget-text-editor\" data-id=\"17509c5c\" data-element_type=\"widget\" data-widget_type=\"text-editor.default\">\n\t\t\t\t<div class=\"elementor-widget-container\">\n\t\t\t\t\t\t\t\t<div class=\"elementor-text-editor elementor-clearfix\">\n\t\t\t\t<p><strong>EXPLORATIONS SENSIBLES au c\u0153ur de l&#8217;\u00e9nergie de nos saisons<\/strong><\/p><p>L&#8217;ensemble des forces naturelles li\u00e9es aux cycles des saisons, au Ciel et \u00e0 la Terre, impactent le corps humain \u00e0 tous les niveaux d&#8217;existence (physique, mental, \u00e9motionnel, \u00e9nerg\u00e9tique et spirituel).<\/p><p>Un des enjeux de notre mode de vie occidental est de respecter nos rythmes biologiques tout en nous inscrivant dans la r\u00e9alit\u00e9 de notre monde et son agitation. Nous proposons des ateliers \u00e0 th\u00e8mes, r\u00e9guliers et ponctuels, pour nous mettre au diapason des rythmes de la nature et de nos propres rythmes biologiques, durant une ou plusieurs journ\u00e9es.\u00a0<\/p><p>Les outils d&#8217;exploration abord\u00e9s sont multiples. Nous voyagerons en exp\u00e9rimentant des pratiques corporelles et \u00e9nerg\u00e9tiques issues de la tradition orientale comme entre autres le Do-In, des pratiques m\u00e9ditatives comme la relaxation active et le Yoga Nidra et nous nous appuieront sur la symbolique chinoise et celle des mythes, pour trouver le chemin de l&#8217;\u00e9coute int\u00e9rieure.<\/p><p>Ces propositions mettront en lumi\u00e8re nos propres ressources dans le but de restaurer et soutenir notre sant\u00e9 physique et psycho-\u00e9motionnelle, fluidifier nos fonctionnements, notre rapport au monde et aux autres en \u00e9tant \u00e0 l&#8217;\u00e9coute de soi. Point de d\u00e9part pour une meilleure \u00e9cologie int\u00e9rieure.<\/p><p>Ci-dessous une pr\u00e9sentation de ces divers ateliers.<\/p>\t\t\t\t\t<\/div>\n\t\t\t\t\t\t<\/div>\n\t\t\t\t<\/div>\n\t\t\t\t\t\t<\/div>\n\t\t\t\t\t<\/div>\n\t\t<\/div>\n\t\t\t\t\t\t\t\t<\/div>\n\t\t\t\t\t<\/div>\n\t\t<\/section>\n\t\t\t\t<section class=\"elementor-section elementor-top-section elementor-element elementor-element-4e3f0de elementor-section-boxed elementor-section-height-default elementor-section-height-default\" data-id=\"4e3f0de\" data-element_type=\"section\">\n\t\t\t\t\t\t<div class=\"elementor-container elementor-column-gap-default\">\n\t\t\t\t\t\t\t<div class=\"elementor-row\">\n\t\t\t\t\t<div class=\"aux-parallax-section elementor-column elementor-col-20 elementor-top-column elementor-element elementor-element-498d6d4\" data-id=\"498d6d4\" data-element_type=\"column\">\n\t\t\t<div class=\"elementor-column-wrap\">\n\t\t\t\t\t\t\t<div class=\"elementor-widget-wrap\">\n\t\t\t\t\t\t\t\t<\/div>\n\t\t\t\t\t<\/div>\n\t\t<\/div>\n\t\t\t\t<div class=\"aux-parallax-section elementor-column elementor-col-20 elementor-top-column elementor-element elementor-element-ec5e7d5\" data-id=\"ec5e7d5\" data-element_type=\"column\">\n\t\t\t<div class=\"elementor-column-wrap elementor-element-populated\">\n\t\t\t\t\t\t\t<div class=\"elementor-widget-wrap\">\n\t\t\t\t\t\t<div class=\"elementor-element elementor-element-d732cb6 elementor-widget elementor-widget-image\" data-id=\"d732cb6\" data-element_type=\"widget\" data-widget_type=\"image.default\">\n\t\t\t\t<div class=\"elementor-widget-container\">\n\t\t\t\t\t\t\t\t<div class=\"elementor-image\">\n\t\t\t\t\t\t\t\t\t\t\t\t<img loading=\"lazy\" decoding=\"async\" width=\"1024\" height=\"1024\" src=\"https:\/\/www.eclat-de-linstant.fr\/wp-content\/uploads\/2020\/01\/img-Antibes-serenite-circulation-mars-1024x1024.png\" class=\"attachment-large size-large\" alt=\"\" srcset=\"https:\/\/www.eclat-de-linstant.fr\/wp-content\/uploads\/2020\/01\/img-Antibes-serenite-circulation-mars-1024x1024.png 1024w, https:\/\/www.eclat-de-linstant.fr\/wp-content\/uploads\/2020\/01\/img-Antibes-serenite-circulation-mars-150x150.png 150w, https:\/\/www.eclat-de-linstant.fr\/wp-content\/uploads\/2020\/01\/img-Antibes-serenite-circulation-mars-300x300.png 300w, https:\/\/www.eclat-de-linstant.fr\/wp-content\/uploads\/2020\/01\/img-Antibes-serenite-circulation-mars-768x768.png 768w, https:\/\/www.eclat-de-linstant.fr\/wp-content\/uploads\/2020\/01\/img-Antibes-serenite-circulation-mars-1320x1320.png 1320w, https:\/\/www.eclat-de-linstant.fr\/wp-content\/uploads\/2020\/01\/img-Antibes-serenite-circulation-mars.png 1535w\" sizes=\"auto, (max-width: 1024px) 100vw, 1024px\" \/>\t\t\t\t\t\t\t\t\t\t\t\t\t\t<\/div>\n\t\t\t\t\t\t<\/div>\n\t\t\t\t<\/div>\n\t\t\t\t<div class=\"elementor-element elementor-element-3f351be elementor-widget elementor-widget-heading\" data-id=\"3f351be\" data-element_type=\"widget\" data-widget_type=\"heading.default\">\n\t\t\t\t<div class=\"elementor-widget-container\">\n\t\t\t<h2 class=\"elementor-heading-title elementor-size-default\">7 \u2022 8 mars 2020<\/h2>\t\t<\/div>\n\t\t\t\t<\/div>\n\t\t\t\t<div class=\"elementor-element elementor-element-5a4ece8 elementor-widget elementor-widget-heading\" data-id=\"5a4ece8\" data-element_type=\"widget\" data-widget_type=\"heading.default\">\n\t\t\t\t<div class=\"elementor-widget-container\">\n\t\t\t<h2 class=\"elementor-heading-title elementor-size-default\">ECLORE DANS L'UNION DU CIEL ET DE LA TERRE<\/h2>\t\t<\/div>\n\t\t\t\t<\/div>\n\t\t\t\t<div class=\"elementor-element elementor-element-b41855a elementor-widget elementor-widget-text-editor\" data-id=\"b41855a\" data-element_type=\"widget\" data-widget_type=\"text-editor.default\">\n\t\t\t\t<div class=\"elementor-widget-container\">\n\t\t\t\t\t\t\t\t<div class=\"elementor-text-editor elementor-clearfix\">\n\t\t\t\t<p style=\"text-align: center;\">YOGA DE L&#8217;INT\u00c9RIORIT\u00c9 \/ DO IN \/ AUTO-SHIATSU \/ MEDITATION \/ RELAXATION<br \/><br \/>Ce stage de 2 jours, s&#8217;appuiera sur l&#8217;\u00e9nergie naissante du printemps qui commencera \u00e0 se manifester progressivement en cette p\u00e9riode.<br \/><br \/>Nous nous approchons du moment o\u00f9 le ciel et la terre s&#8217;unissent. Le Ciel, entit\u00e9 yang, est masculine et f\u00e9condante. La Terre est f\u00e9minine et r\u00e9ceptive. Quand le ciel offre \u00e0 la Terre ses \u00e9l\u00e9ments comme le vent, l&#8217;eau et le feu du soleil, alors la Terre laisse se d\u00e9ployer la vie qu&#8217;elle a abrit\u00e9 en son sein, se manifester \u00e0 la surface et s&#8217;\u00e9lever vers le Ciel. <br \/><br \/>Cette saison, associ\u00e9e aux organes Foie et V\u00e9sicule Biliaire a pour plan\u00e8te Jupiter et est en relation avec la 3e profondeur \u00e9nerg\u00e9tique. Il est temps de prendre soin du germe se pr\u00e9parant \u00e0 percer la surface de la Terre, de notre Terre int\u00e9rieure pour que l&#8217;\u00e9closion des graines de notre vie se fasse dans la fluidit\u00e9 et la cr\u00e9ativit\u00e9.<br \/><br \/>Guid\u00e9.e.s par cette \u00e9nergie, nous explorerons l&#8217;\u00e9coute de ce mouvement int\u00e9rieur qui pousse en nous et se trouve \u00e0 l&#8217;origine de tout \u00e9lan de vie et de cr\u00e9ativit\u00e9.<br \/><br \/>Pratiques m\u00e9ditatives (relaxation dynamique, Yoga de l&#8217;int\u00e9riorit\u00e9, \u2026), pratiques corporelles \u00e9nerg\u00e9tiques s&#8217;appuyant sur la symbolique chinoise et autres, seront nos supports pour contacter ces \u00e9nergies en nous et nous familiariser avec elles. <br \/><br \/><\/p>\t\t\t\t\t<\/div>\n\t\t\t\t\t\t<\/div>\n\t\t\t\t<\/div>\n\t\t\t\t<div class=\"elementor-element elementor-element-06394dd elementor-widget elementor-widget-text-editor\" data-id=\"06394dd\" data-element_type=\"widget\" data-widget_type=\"text-editor.default\">\n\t\t\t\t<div class=\"elementor-widget-container\">\n\t\t\t\t\t\t\t\t<div class=\"elementor-text-editor elementor-clearfix\">\n\t\t\t\t<p><span style=\"color: #e5af00;\"><strong>SAMEDI 7 mars 2020 &#8211;\u00a0<\/strong><\/span><span style=\"color: #e5af00;\"><strong>DIMANCHE 8 mars 2020<\/strong><\/span><\/p><p><span style=\"color: #92278f;\"><strong>\u00a0<\/strong><\/span><\/p><p><span style=\"color: #41aab9;\">10 Rue Sadi Carnot &#8211; 06600 ANTIBES<\/span><\/p><p><span style=\"color: #2a2f6f;\">\u00a0<\/span><\/p><p style=\"text-align: center;\"><span style=\"color: #e5af00;\"><strong>155 \u20ac pour les 2 jours<\/strong><\/span><\/p><p style=\"text-align: center;\"><span style=\"color: #e5af00;\"><strong>80 \u20ac pour 1 jour<\/strong><\/span><\/p><p><span style=\"color: #e5af00;\"><strong>140 \u20ac \/ pers. pour les 2 jours si vous venez \u00e0 2<\/strong><\/span><\/p><p><span style=\"color: #92278f;\">\u00a0<\/span><\/p><p>SUR INSCRIPTION :\u00a0<a href=\"https:\/\/www.helloasso.com\/associations\/eclat-de-l-instant\/evenements\/serenite-circulation-interne-antibes-mars-2020\" target=\"_blank\" rel=\"noopener\">R\u00e9server votre place\u00a0en ligne<\/a><\/p><p>Si vous pr\u00e9f\u00e9rez r\u00e9gler par ch\u00e8que, contactez-nous.<\/p><hr \/><div>\u00a0<\/div><div>\u00a0<\/div><div>\u00a0<\/div><div>Il sera possible de d\u00e9jeuner non loin du lieu de pratique ou d&#8217;apporter pour votre repas un pique-nique.<\/div><div>Pr\u00e9voir pour votre confort des v\u00eatements souples et adapt\u00e9s \u00e0 la saison, ainsi que 2 couvertures ou plaid pour les pratiques m\u00e9ditatives.<\/div><div>N&#8217;oubliez pas de prendre une bouteille d&#8217;eau ou boisson chaude.<\/div><div>\u00a0<\/div><div>\u00a0<\/div><p><span style=\"color: #e5af00;\"><strong>9h30 \u2013 17h30 le samedi<\/strong><\/span><\/p><p><span style=\"color: #e5af00;\"><strong>9h30 &#8211; 17h le dimanche<\/strong><\/span><\/p><p><strong>Nombre de personnes pouvant participer : 12<\/strong><\/p><div>\u00a0<\/div><p><span style=\"color: #41aab9;\">CONTACT ET INFORMATIONS<\/span><\/p><p>Marie : 06 77 75 85 24<\/p><p>Nadeige\u00a0 : 06 62 31 33 54<\/p><p><a href=\"http:\/\/www.eclat-de-linstant.fr\/index.php\/contact\/\">Nous \u00e9crire<\/a><\/p>\t\t\t\t\t<\/div>\n\t\t\t\t\t\t<\/div>\n\t\t\t\t<\/div>\n\t\t\t\t<div class=\"elementor-element elementor-element-7300638 elementor-align-center elementor-button-info elementor-widget elementor-widget-button\" data-id=\"7300638\" data-element_type=\"widget\" data-widget_type=\"button.default\">\n\t\t\t\t<div class=\"elementor-widget-container\">\n\t\t\t\t\t<div class=\"elementor-button-wrapper\">\n\t\t\t<a href=\"https:\/\/www.helloasso.com\/associations\/eclat-de-l-instant\/evenements\/serenite-circulation-interne-antibes\" target=\"_blank\" class=\"elementor-button-link elementor-button elementor-size-sm\" role=\"button\">\n\t\t\t\t\t\t<span class=\"elementor-button-content-wrapper\">\n\t\t\t\t\t\t<span class=\"elementor-button-text\">INSCRIPTION<\/span>\n\t\t<\/span>\n\t\t\t\t\t<\/a>\n\t\t<\/div>\n\t\t\t\t<\/div>\n\t\t\t\t<\/div>\n\t\t\t\t\t\t<\/div>\n\t\t\t\t\t<\/div>\n\t\t<\/div>\n\t\t\t\t<div class=\"aux-parallax-section elementor-column elementor-col-20 elementor-top-column elementor-element elementor-element-c16b98b\" data-id=\"c16b98b\" data-element_type=\"column\">\n\t\t\t<div class=\"elementor-column-wrap\">\n\t\t\t\t\t\t\t<div class=\"elementor-widget-wrap\">\n\t\t\t\t\t\t\t\t<\/div>\n\t\t\t\t\t<\/div>\n\t\t<\/div>\n\t\t\t\t<div class=\"aux-parallax-section elementor-column elementor-col-20 elementor-top-column elementor-element elementor-element-f78e6f0\" data-id=\"f78e6f0\" data-element_type=\"column\">\n\t\t\t<div class=\"elementor-column-wrap elementor-element-populated\">\n\t\t\t\t\t\t\t<div class=\"elementor-widget-wrap\">\n\t\t\t\t\t\t<div class=\"elementor-element elementor-element-99c4a49 elementor-widget elementor-widget-image\" data-id=\"99c4a49\" data-element_type=\"widget\" data-widget_type=\"image.default\">\n\t\t\t\t<div class=\"elementor-widget-container\">\n\t\t\t\t\t\t\t\t<div class=\"elementor-image\">\n\t\t\t\t\t\t\t\t\t\t\t\t<img loading=\"lazy\" decoding=\"async\" width=\"1024\" height=\"1024\" src=\"https:\/\/www.eclat-de-linstant.fr\/wp-content\/uploads\/2019\/10\/VISUEL-serenite-et-circulation-interne-Die-eclat-de-linstant-1024x1024.jpg\" class=\"attachment-large size-large\" alt=\"\" srcset=\"https:\/\/www.eclat-de-linstant.fr\/wp-content\/uploads\/2019\/10\/VISUEL-serenite-et-circulation-interne-Die-eclat-de-linstant-1024x1024.jpg 1024w, https:\/\/www.eclat-de-linstant.fr\/wp-content\/uploads\/2019\/10\/VISUEL-serenite-et-circulation-interne-Die-eclat-de-linstant-150x150.jpg 150w, https:\/\/www.eclat-de-linstant.fr\/wp-content\/uploads\/2019\/10\/VISUEL-serenite-et-circulation-interne-Die-eclat-de-linstant-300x300.jpg 300w, https:\/\/www.eclat-de-linstant.fr\/wp-content\/uploads\/2019\/10\/VISUEL-serenite-et-circulation-interne-Die-eclat-de-linstant-768x768.jpg 768w, https:\/\/www.eclat-de-linstant.fr\/wp-content\/uploads\/2019\/10\/VISUEL-serenite-et-circulation-interne-Die-eclat-de-linstant-1320x1320.jpg 1320w, https:\/\/www.eclat-de-linstant.fr\/wp-content\/uploads\/2019\/10\/VISUEL-serenite-et-circulation-interne-Die-eclat-de-linstant.jpg 1798w\" sizes=\"auto, (max-width: 1024px) 100vw, 1024px\" \/>\t\t\t\t\t\t\t\t\t\t\t\t\t\t<\/div>\n\t\t\t\t\t\t<\/div>\n\t\t\t\t<\/div>\n\t\t\t\t<div class=\"elementor-element elementor-element-7d71c54 elementor-widget elementor-widget-heading\" data-id=\"7d71c54\" data-element_type=\"widget\" data-widget_type=\"heading.default\">\n\t\t\t\t<div class=\"elementor-widget-container\">\n\t\t\t<h2 class=\"elementor-heading-title elementor-size-default\">PROCHAIN ATELIER 20 JUIN 2020<\/h2>\t\t<\/div>\n\t\t\t\t<\/div>\n\t\t\t\t<div class=\"elementor-element elementor-element-83d31fa elementor-widget elementor-widget-text-editor\" data-id=\"83d31fa\" data-element_type=\"widget\" data-widget_type=\"text-editor.default\">\n\t\t\t\t<div class=\"elementor-widget-container\">\n\t\t\t\t\t\t\t\t<div class=\"elementor-text-editor elementor-clearfix\">\n\t\t\t\t<p style=\"text-align: center;\">Au fil de 7 demi-journ\u00e9es rythm\u00e9es par le d\u00e9roulement des saisons, nous vous invitons chaque mois \u00e0 entrer dans une \u00e9coute int\u00e9rieure pour visiter une \u00e9nergie particuli\u00e8re en lien avec le cycle universel de la nature.<\/p>\t\t\t\t\t<\/div>\n\t\t\t\t\t\t<\/div>\n\t\t\t\t<\/div>\n\t\t\t\t<div class=\"elementor-element elementor-element-9cde59b elementor-widget elementor-widget-text-editor\" data-id=\"9cde59b\" data-element_type=\"widget\" data-widget_type=\"text-editor.default\">\n\t\t\t\t<div class=\"elementor-widget-container\">\n\t\t\t\t\t\t\t\t<div class=\"elementor-text-editor elementor-clearfix\">\n\t\t\t\t<p style=\"text-align: center;\"><span style=\"color: #ffffff;\">EN RAISON DU CONFINEMENT LES DATES ONT CHANG\u00c9.<\/span><br \/><span style=\"color: #ffffff;\">Le programme a aussi l\u00e9g\u00e8rement \u00e9volu\u00e9 pour s&#8217;adapter \u00e0 cette p\u00e9riode tr\u00e8s particuli\u00e8re que nous vivons.<\/span><\/p>\t\t\t\t\t<\/div>\n\t\t\t\t\t\t<\/div>\n\t\t\t\t<\/div>\n\t\t\t\t<div class=\"elementor-element elementor-element-0e7455e elementor-widget elementor-widget-text-editor\" data-id=\"0e7455e\" data-element_type=\"widget\" data-widget_type=\"text-editor.default\">\n\t\t\t\t<div class=\"elementor-widget-container\">\n\t\t\t\t\t\t\t\t<div class=\"elementor-text-editor elementor-clearfix\">\n\t\t\t\t<p style=\"text-align: center;\"><span style=\"color: #27a6ba;\">07 \u2022 12 \u2022 19\u00a0\/ <strong><span style=\"color: #dd603e;\">PLONGER DANS NOS RACINES<\/span><\/strong><\/span><\/p><p style=\"text-align: center;\"><span style=\"color: #27a6ba;\">18 \u2022 01 \u2022 20\u00a0\/ <strong><span style=\"color: #dd603e;\">ENSEMENCER NOTRE TERRE<\/span><\/strong><\/span><\/p><p style=\"text-align: center;\"><span style=\"color: #27a6ba;\">15 \u2022 02 \u2022 20 \/ <strong><span style=\"color: #dd603e;\">S\u2019\u00c9VEILLER AU SOUFFLE NOUVEAU<\/span><\/strong><\/span><\/p><p style=\"text-align: center;\"><span style=\"color: #dadada;\">21 \u2022 03 \u2022 20\u00a0\/ <strong>\u00c9CLORE DANS L\u2019UNION DU CIEL ET DE LA TERRE<\/strong><\/span><\/p><p style=\"text-align: center;\"><span style=\"color: #dadada;\">04 \u2022 04 \u2022 20\u00a0\/ <strong>NOURRIR L\u2019\u00c9LAN VITAL<\/strong><\/span><\/p><p style=\"text-align: center;\"><span style=\"color: #27a6ba;\">06 \u2022 06 \u2022 20 \/ <strong><span style=\"color: #dd603e;\">APPRIVOISER LE FEU NAISSANT<\/span><\/strong><\/span><\/p><p style=\"text-align: center;\"><span style=\"color: #27a6ba;\">20 \u2022 06 \u2022 20 \/\u00a0<\/span><span style=\"color: #dd603e; font-weight: 600;\">NOURRIR L&#8217;\u00c9LAN VITAL<\/span><\/p><p><span style=\"color: #27a6ba;\">04 \u2022 07 \u2022 20 \/ <strong><span style=\"color: #dd603e;\">VIVRE DANS LA LUMI\u00c8RE DU C\u0152UR<\/span><\/strong><\/span><\/p><p><span style=\"color: #27a6ba;\">LA SOURCE &#8211; MAISON DE SANT\u00c9 NATURELLE &#8211; 14 RUE DU VIADUC &#8211; 26150 DIE<\/span><\/p><p>En d\u00e9cembre et en janvier, nous allons nous glisser dans notre hiver int\u00e9rieur pour prendre soin de notre \u00e9nergie et la pr\u00e9parer \u00e0 la remont\u00e9e de s\u00e8ve, et au nouvel \u00e9lan de vie.<\/p><p>De f\u00e9vrier \u00e0 avril, les souffles du Ciel et de la Terre se rencontrent pour favoriser la floraison dans la d\u00e9licate phase de transition entre l\u2019obscurit\u00e9 et la lumi\u00e8re. Nous allons explorer comment ces deux \u00e9nergies nous affectent dans le renouveau printanier.<\/p><p>Enfin en mai et juin, la vie se meut en un jaillissement spontan\u00e9 jusqu\u2019\u00e0 embraser nos c\u0153urs. Il s\u2019agira de s\u2019approcher de ce feu flamboyant qui nourrit notre c\u0153ur avec d\u00e9lice sans se faire d\u00e9vorer par son embrasement.<\/p><p><span style=\"color: #dd603e;\">SUR INSCRIPTION\u00a0<\/span><\/p><p>S&#8217;inscrire au plus tard 48h avant la date.<\/p><hr \/><div>\u00a0<\/div><div>Pr\u00e9voir pour votre confort des v\u00eatements souples et adapt\u00e9s \u00e0 la saison.<\/div><div>\u00a0<\/div><div>ainsi que 2 couvertures ou plaid pour les pratiques m\u00e9ditatives.<\/div><div>Si possible un tapis de sol et un coussin type zafu.<\/div><div>\u00a0<\/div><div><p class=\"p1\"><span class=\"s1\">Dans le cadre des mesures annonc\u00e9es, nous vous demandons de bien vouloir emmener, une grande serviette, plaid ou linge pour placer sur les matelas qui seront \u00e0 votre disposition, ainsi qu&#8217;une autre plus petite \u00e0 mettre sur les zafus et enfin, une couverture ou plaid pour vous couvrir et \u00eatre confortable. Vous pouvez emmener votre propre tapis de sol et zafu si vous le souhaitez.<\/span><\/p><p>Nous vous recommandons d&#8217;emmener avec vous une bouteille d&#8217;eau ou boisson chaude.<\/p><p class=\"p1\"><span class=\"s1\">Il y aura un diffuseur d&#8217;huiles essentielles soutenant le syst\u00e8me respiratoire. <br \/>N&#8217;h\u00e9sitez pas \u00e0 vous entourer de toutes les pr\u00e9cautions qui vous semblent n\u00e9cessaires et dont vous avez besoin, si c&#8217;est le cas. Il y aura une distance suffisante entre nous.<\/span><\/p><\/div><div>\u00a0<\/div><div>\u00a0<\/div><p><span style=\"color: #dd603e;\"><strong>9h \u2013 12h30 le samedi matin<\/strong><\/span><\/p><p><strong>40\u20ac l&#8217;atelier\u00a0<\/strong><\/p><div>\u00a0<\/div><p><span style=\"color: #27a6ba;\">CONTACT ET INFORMATIONS<\/span><\/p><p>Marie : 06 77 75 85 24<\/p><p>Nadeige\u00a0 : 06 62 31 33 54<\/p>\t\t\t\t\t<\/div>\n\t\t\t\t\t\t<\/div>\n\t\t\t\t<\/div>\n\t\t\t\t<div class=\"elementor-element elementor-element-b4f1c47 elementor-align-center elementor-button-info elementor-widget elementor-widget-button\" data-id=\"b4f1c47\" data-element_type=\"widget\" data-widget_type=\"button.default\">\n\t\t\t\t<div class=\"elementor-widget-container\">\n\t\t\t\t\t<div class=\"elementor-button-wrapper\">\n\t\t\t<a href=\"mailto:info@eclat-de-linstant.fr\" target=\"_blank\" class=\"elementor-button-link elementor-button elementor-size-sm\" role=\"button\">\n\t\t\t\t\t\t<span class=\"elementor-button-content-wrapper\">\n\t\t\t\t\t\t<span class=\"elementor-button-text\">INFORMATIONS \/ INSCRIPTION<\/span>\n\t\t<\/span>\n\t\t\t\t\t<\/a>\n\t\t<\/div>\n\t\t\t\t<\/div>\n\t\t\t\t<\/div>\n\t\t\t\t\t\t<\/div>\n\t\t\t\t\t<\/div>\n\t\t<\/div>\n\t\t\t\t<div class=\"aux-parallax-section elementor-column elementor-col-20 elementor-top-column elementor-element elementor-element-5068dd0\" data-id=\"5068dd0\" data-element_type=\"column\">\n\t\t\t<div class=\"elementor-column-wrap\">\n\t\t\t\t\t\t\t<div class=\"elementor-widget-wrap\">\n\t\t\t\t\t\t\t\t<\/div>\n\t\t\t\t\t<\/div>\n\t\t<\/div>\n\t\t\t\t\t\t\t\t<\/div>\n\t\t\t\t\t<\/div>\n\t\t<\/section>\n\t\t\t\t<section class=\"elementor-section elementor-top-section elementor-element elementor-element-49aba9c2 elementor-section-boxed elementor-section-height-default elementor-section-height-default\" data-id=\"49aba9c2\" data-element_type=\"section\">\n\t\t\t\t\t\t<div class=\"elementor-container elementor-column-gap-default\">\n\t\t\t\t\t\t\t<div class=\"elementor-row\">\n\t\t\t\t\t<div class=\"aux-parallax-section elementor-column elementor-col-100 elementor-top-column elementor-element elementor-element-50f68f7f\" data-id=\"50f68f7f\" data-element_type=\"column\">\n\t\t\t<div class=\"elementor-column-wrap elementor-element-populated\">\n\t\t\t\t\t\t\t<div class=\"elementor-widget-wrap\">\n\t\t\t\t\t\t<div class=\"elementor-element elementor-element-dcc629a elementor-widget elementor-widget-spacer\" data-id=\"dcc629a\" data-element_type=\"widget\" data-widget_type=\"spacer.default\">\n\t\t\t\t<div class=\"elementor-widget-container\">\n\t\t\t\t\t<div class=\"elementor-spacer\">\n\t\t\t<div class=\"elementor-spacer-inner\"><\/div>\n\t\t<\/div>\n\t\t\t\t<\/div>\n\t\t\t\t<\/div>\n\t\t\t\t\t\t<\/div>\n\t\t\t\t\t<\/div>\n\t\t<\/div>\n\t\t\t\t\t\t\t\t<\/div>\n\t\t\t\t\t<\/div>\n\t\t<\/section>\n\t\t\t\t<section class=\"elementor-section elementor-top-section elementor-element elementor-element-df0aa8f elementor-section-boxed elementor-section-height-default elementor-section-height-default\" data-id=\"df0aa8f\" data-element_type=\"section\">\n\t\t\t\t\t\t<div class=\"elementor-container elementor-column-gap-default\">\n\t\t\t\t\t\t\t<div class=\"elementor-row\">\n\t\t\t\t\t<div class=\"aux-parallax-section elementor-column elementor-col-20 elementor-top-column elementor-element elementor-element-82679c9\" data-id=\"82679c9\" data-element_type=\"column\">\n\t\t\t<div class=\"elementor-column-wrap elementor-element-populated\">\n\t\t\t\t\t\t\t<div class=\"elementor-widget-wrap\">\n\t\t\t\t\t\t<div class=\"elementor-element elementor-element-f374d62 elementor-widget-divider--view-line elementor-widget elementor-widget-divider\" data-id=\"f374d62\" data-element_type=\"widget\" data-widget_type=\"divider.default\">\n\t\t\t\t<div class=\"elementor-widget-container\">\n\t\t\t\t\t<div class=\"elementor-divider\">\n\t\t\t<span class=\"elementor-divider-separator\">\n\t\t\t\t\t\t<\/span>\n\t\t<\/div>\n\t\t\t\t<\/div>\n\t\t\t\t<\/div>\n\t\t\t\t\t\t<\/div>\n\t\t\t\t\t<\/div>\n\t\t<\/div>\n\t\t\t\t<div class=\"aux-parallax-section elementor-column elementor-col-20 elementor-top-column elementor-element elementor-element-14d0a8c\" data-id=\"14d0a8c\" data-element_type=\"column\">\n\t\t\t<div class=\"elementor-column-wrap elementor-element-populated\">\n\t\t\t\t\t\t\t<div class=\"elementor-widget-wrap\">\n\t\t\t\t\t\t<div class=\"elementor-element elementor-element-e1f0ce0 elementor-view-default elementor-widget elementor-widget-icon\" data-id=\"e1f0ce0\" data-element_type=\"widget\" data-widget_type=\"icon.default\">\n\t\t\t\t<div class=\"elementor-widget-container\">\n\t\t\t\t\t<div class=\"elementor-icon-wrapper\">\n\t\t\t<div class=\"elementor-icon\">\n\t\t\t\t\t\t\t<i class=\"fa fa-sun-o\" aria-hidden=\"true\"><\/i>\n\t\t\t\t\t\t<\/div>\n\t\t<\/div>\n\t\t\t\t<\/div>\n\t\t\t\t<\/div>\n\t\t\t\t\t\t<\/div>\n\t\t\t\t\t<\/div>\n\t\t<\/div>\n\t\t\t\t<div class=\"aux-parallax-section elementor-column elementor-col-20 elementor-top-column elementor-element elementor-element-35a8078\" data-id=\"35a8078\" data-element_type=\"column\">\n\t\t\t<div class=\"elementor-column-wrap elementor-element-populated\">\n\t\t\t\t\t\t\t<div class=\"elementor-widget-wrap\">\n\t\t\t\t\t\t<div class=\"elementor-element elementor-element-814510a elementor-widget elementor-widget-heading\" data-id=\"814510a\" data-element_type=\"widget\" data-widget_type=\"heading.default\">\n\t\t\t\t<div class=\"elementor-widget-container\">\n\t\t\t<h2 class=\"elementor-heading-title elementor-size-default\">INTERVENANTES<\/h2>\t\t<\/div>\n\t\t\t\t<\/div>\n\t\t\t\t\t\t<\/div>\n\t\t\t\t\t<\/div>\n\t\t<\/div>\n\t\t\t\t<div class=\"aux-parallax-section elementor-column elementor-col-20 elementor-top-column elementor-element elementor-element-cf4f58f\" data-id=\"cf4f58f\" data-element_type=\"column\">\n\t\t\t<div class=\"elementor-column-wrap elementor-element-populated\">\n\t\t\t\t\t\t\t<div class=\"elementor-widget-wrap\">\n\t\t\t\t\t\t<div class=\"elementor-element elementor-element-41c6b81 elementor-view-default elementor-widget elementor-widget-icon\" data-id=\"41c6b81\" data-element_type=\"widget\" data-widget_type=\"icon.default\">\n\t\t\t\t<div class=\"elementor-widget-container\">\n\t\t\t\t\t<div class=\"elementor-icon-wrapper\">\n\t\t\t<div class=\"elementor-icon\">\n\t\t\t\t\t\t\t<i class=\"fa fa-sun-o\" aria-hidden=\"true\"><\/i>\n\t\t\t\t\t\t<\/div>\n\t\t<\/div>\n\t\t\t\t<\/div>\n\t\t\t\t<\/div>\n\t\t\t\t\t\t<\/div>\n\t\t\t\t\t<\/div>\n\t\t<\/div>\n\t\t\t\t<div class=\"aux-parallax-section elementor-column elementor-col-20 elementor-top-column elementor-element elementor-element-21fc5d5\" data-id=\"21fc5d5\" data-element_type=\"column\">\n\t\t\t<div class=\"elementor-column-wrap elementor-element-populated\">\n\t\t\t\t\t\t\t<div class=\"elementor-widget-wrap\">\n\t\t\t\t\t\t<div class=\"elementor-element elementor-element-5850267 elementor-widget-divider--view-line elementor-widget elementor-widget-divider\" data-id=\"5850267\" data-element_type=\"widget\" data-widget_type=\"divider.default\">\n\t\t\t\t<div class=\"elementor-widget-container\">\n\t\t\t\t\t<div class=\"elementor-divider\">\n\t\t\t<span class=\"elementor-divider-separator\">\n\t\t\t\t\t\t<\/span>\n\t\t<\/div>\n\t\t\t\t<\/div>\n\t\t\t\t<\/div>\n\t\t\t\t\t\t<\/div>\n\t\t\t\t\t<\/div>\n\t\t<\/div>\n\t\t\t\t\t\t\t\t<\/div>\n\t\t\t\t\t<\/div>\n\t\t<\/section>\n\t\t\t\t<section class=\"elementor-section elementor-top-section elementor-element elementor-element-73c48f2c elementor-section-boxed elementor-section-height-default elementor-section-height-default\" data-id=\"73c48f2c\" data-element_type=\"section\">\n\t\t\t\t\t\t<div class=\"elementor-container elementor-column-gap-default\">\n\t\t\t\t\t\t\t<div class=\"elementor-row\">\n\t\t\t\t\t<div class=\"aux-parallax-section elementor-column elementor-col-25 elementor-top-column elementor-element elementor-element-53cfbca\" data-id=\"53cfbca\" data-element_type=\"column\" data-settings=\"{&quot;background_background&quot;:&quot;classic&quot;}\">\n\t\t\t<div class=\"elementor-column-wrap elementor-element-populated\">\n\t\t\t\t\t<div class=\"elementor-background-overlay\"><\/div>\n\t\t\t\t\t\t\t<div class=\"elementor-widget-wrap\">\n\t\t\t\t\t\t<div class=\"elementor-element elementor-element-6bc371b3 elementor-widget elementor-widget-image\" data-id=\"6bc371b3\" data-element_type=\"widget\" data-widget_type=\"image.default\">\n\t\t\t\t<div class=\"elementor-widget-container\">\n\t\t\t\t\t\t\t\t<div class=\"elementor-image\">\n\t\t\t\t\t\t\t\t\t\t\t\t<img loading=\"lazy\" decoding=\"async\" width=\"768\" height=\"768\" src=\"https:\/\/www.eclat-de-linstant.fr\/wp-content\/uploads\/2017\/05\/Marie-defontaine-portrait-contraste-768x768.jpg\" class=\"attachment-medium_large size-medium_large\" alt=\"\" srcset=\"https:\/\/www.eclat-de-linstant.fr\/wp-content\/uploads\/2017\/05\/Marie-defontaine-portrait-contraste-768x768.jpg 768w, https:\/\/www.eclat-de-linstant.fr\/wp-content\/uploads\/2017\/05\/Marie-defontaine-portrait-contraste-150x150.jpg 150w, https:\/\/www.eclat-de-linstant.fr\/wp-content\/uploads\/2017\/05\/Marie-defontaine-portrait-contraste-300x300.jpg 300w, https:\/\/www.eclat-de-linstant.fr\/wp-content\/uploads\/2017\/05\/Marie-defontaine-portrait-contraste-1024x1024.jpg 1024w, https:\/\/www.eclat-de-linstant.fr\/wp-content\/uploads\/2017\/05\/Marie-defontaine-portrait-contraste.jpg 1191w\" sizes=\"auto, (max-width: 768px) 100vw, 768px\" \/>\t\t\t\t\t\t\t\t\t\t\t\t\t\t<\/div>\n\t\t\t\t\t\t<\/div>\n\t\t\t\t<\/div>\n\t\t\t\t<div class=\"elementor-element elementor-element-2803968b elementor-widget elementor-widget-heading\" data-id=\"2803968b\" data-element_type=\"widget\" data-widget_type=\"heading.default\">\n\t\t\t\t<div class=\"elementor-widget-container\">\n\t\t\t<h2 class=\"elementor-heading-title elementor-size-default\">MARIE DEFONTAINE<\/h2>\t\t<\/div>\n\t\t\t\t<\/div>\n\t\t\t\t<div class=\"elementor-element elementor-element-1651465 elementor-widget elementor-widget-spacer\" data-id=\"1651465\" data-element_type=\"widget\" data-widget_type=\"spacer.default\">\n\t\t\t\t<div class=\"elementor-widget-container\">\n\t\t\t\t\t<div class=\"elementor-spacer\">\n\t\t\t<div class=\"elementor-spacer-inner\"><\/div>\n\t\t<\/div>\n\t\t\t\t<\/div>\n\t\t\t\t<\/div>\n\t\t\t\t<section class=\"elementor-section elementor-inner-section elementor-element elementor-element-11cb2ca9 elementor-section-boxed elementor-section-height-default elementor-section-height-default\" data-id=\"11cb2ca9\" data-element_type=\"section\" data-settings=\"{&quot;background_background&quot;:&quot;classic&quot;}\">\n\t\t\t\t\t\t<div class=\"elementor-container elementor-column-gap-default\">\n\t\t\t\t\t\t\t<div class=\"elementor-row\">\n\t\t\t\t\t<div class=\"aux-parallax-section elementor-column elementor-col-100 elementor-inner-column elementor-element elementor-element-44f06699\" data-id=\"44f06699\" data-element_type=\"column\" data-settings=\"{&quot;background_background&quot;:&quot;classic&quot;}\">\n\t\t\t<div class=\"elementor-column-wrap elementor-element-populated\">\n\t\t\t\t\t\t\t<div class=\"elementor-widget-wrap\">\n\t\t\t\t\t\t<div class=\"elementor-element elementor-element-4927cac elementor-align-center elementor-widget elementor-widget-button\" data-id=\"4927cac\" data-element_type=\"widget\" data-widget_type=\"button.default\">\n\t\t\t\t<div class=\"elementor-widget-container\">\n\t\t\t\t\t<div class=\"elementor-button-wrapper\">\n\t\t\t<a href=\"http:\/\/sophrologie-relaxation-drome.fr\/\" target=\"_blank\" class=\"elementor-button-link elementor-button elementor-size-sm elementor-animation-float\" role=\"button\">\n\t\t\t\t\t\t<span class=\"elementor-button-content-wrapper\">\n\t\t\t\t\t\t<span class=\"elementor-button-text\">EN SAVOIR +<\/span>\n\t\t<\/span>\n\t\t\t\t\t<\/a>\n\t\t<\/div>\n\t\t\t\t<\/div>\n\t\t\t\t<\/div>\n\t\t\t\t\t\t<\/div>\n\t\t\t\t\t<\/div>\n\t\t<\/div>\n\t\t\t\t\t\t\t\t<\/div>\n\t\t\t\t\t<\/div>\n\t\t<\/section>\n\t\t\t\t\t\t<\/div>\n\t\t\t\t\t<\/div>\n\t\t<\/div>\n\t\t\t\t<div class=\"aux-parallax-section elementor-column elementor-col-25 elementor-top-column elementor-element elementor-element-702432c5\" data-id=\"702432c5\" data-element_type=\"column\" data-settings=\"{&quot;background_background&quot;:&quot;classic&quot;}\">\n\t\t\t<div class=\"elementor-column-wrap elementor-element-populated\">\n\t\t\t\t\t<div class=\"elementor-background-overlay\"><\/div>\n\t\t\t\t\t\t\t<div class=\"elementor-widget-wrap\">\n\t\t\t\t\t\t<div class=\"elementor-element elementor-element-34b04bdd elementor-widget elementor-widget-text-editor\" data-id=\"34b04bdd\" data-element_type=\"widget\" data-widget_type=\"text-editor.default\">\n\t\t\t\t<div class=\"elementor-widget-container\">\n\t\t\t\t\t\t\t\t<div class=\"elementor-text-editor elementor-clearfix\">\n\t\t\t\t<div dir=\"auto\"><div dir=\"auto\"><p><span style=\"font-weight: 600;\">Marie Defontaine<\/span>\u00a0\u00a0\u00e9tudie et pratique la sophrologie caycedienne depuis 2001, la m\u00e9ditation du calme mental \u00e0 partir de 2005 et se forme au Yoga Nidra depuis 2013.<\/p><p>Elle propose un entra\u00eenement \u00e0 la pratique m\u00e9ditative qui s\u2019appuie sur la suspension du jugement (ph\u00e9nom\u00e9nologie de Husserl) et le d\u00e9veloppement d\u2019un regard bienveillant. L\u2019approche du corps et de la conscience est impr\u00e9gn\u00e9e de la compr\u00e9hension des \u00e9tats contemplatifs apport\u00e9s par les enseignements de la tradition tib\u00e9taine (une \u2018bien-veillance\u2019, une disposition d\u2019accueil conscient de ce qui est l\u00e0, quoique ce soit).\u00a0<\/p><p>Comme un don de l\u2019existence, en dehors des jugements, la vie se donne dans un jaillissement, elle se montre et s\u2019\u00e9prouve elle-m\u00eame dans l\u2019instantan\u00e9\u00eft\u00e9. En travaillant la stabilit\u00e9 dans la d\u00e9tente et la vigilance, l\u2019exp\u00e9rience int\u00e9rieure s\u2019ouvre \u00e0 l\u2019instant toujours renouvel\u00e9, et d\u00e9voile les fonctionnements de l\u2019esprit. Voir les choses autrement nous aide \u00e0 nous lib\u00e9rer de nos souffrances et \u00e0 nous r\u00e9unifier avec le monde qui nous entoure.<\/p><\/div><\/div><div dir=\"auto\"><div dir=\"auto\"><div dir=\"auto\">\u00a0<\/div><\/div><\/div>\t\t\t\t\t<\/div>\n\t\t\t\t\t\t<\/div>\n\t\t\t\t<\/div>\n\t\t\t\t\t\t<\/div>\n\t\t\t\t\t<\/div>\n\t\t<\/div>\n\t\t\t\t<div class=\"aux-parallax-section elementor-column elementor-col-25 elementor-top-column elementor-element elementor-element-60cc0cdd\" data-id=\"60cc0cdd\" data-element_type=\"column\" data-settings=\"{&quot;background_background&quot;:&quot;classic&quot;}\">\n\t\t\t<div class=\"elementor-column-wrap elementor-element-populated\">\n\t\t\t\t\t\t\t<div class=\"elementor-widget-wrap\">\n\t\t\t\t\t\t<div class=\"elementor-element elementor-element-4ce312f elementor-widget elementor-widget-text-editor\" data-id=\"4ce312f\" data-element_type=\"widget\" data-widget_type=\"text-editor.default\">\n\t\t\t\t<div class=\"elementor-widget-container\">\n\t\t\t\t\t\t\t\t<div class=\"elementor-text-editor elementor-clearfix\">\n\t\t\t\t<div dir=\"auto\"><div dir=\"auto\"><p><span style=\"font-weight: 600;\">Nadeige Imbert Cousini\u00e9<\/span>\u00a0\u00a0a travaill\u00e9 dans le secteur des Arts graphiques comme graphiste pendant de nombreuses ann\u00e9es, tout en d\u00e9veloppant une pratique artistique en parall\u00e8le. Cette pratique l&#8217;a amen\u00e9e \u00e0 se former en Art Th\u00e9rapie, une formation qui a fait na\u00eetre le d\u00e9sir d&#8217;accompagner les personnes en difficult\u00e9, ce qui s&#8217;est traduit par un temps d&#8217;accompagnement en h\u00f4pital psychiatrique de jour.<\/p><p>En d\u00e9couvrant les Arts martiaux avec la pratique du Shaolin Kung Fu, elle d\u00e9couvre en m\u00eame temps un univers myst\u00e9rieux empreint de sagesse et d&#8217;un autre temps &#8230; l&#8217;\u00e9nerg\u00e9tique chinoise. C&#8217;est finalement vers le shiatsu qu&#8217;elle se tourne en se formant pendant 3 ans.\u00a0<\/p><p>D&#8217;autres formations sur les corps subtils et en shiatsu maternit\u00e9 ont contribu\u00e9 \u00e0 d\u00e9velopper sa pratique. Le toucher est un art \u00e0 part en enti\u00e8re, le corps est mati\u00e8re, \u00e9nergie, sensitivit\u00e9, \u00e9motion et une partition s&#8217;\u00e9crit sous les doigts, dessinant une cartographie souvent inconnue de son propri\u00e9taire. La pratique du Kundalini Yoga et de la m\u00e9ditation participe au d\u00e9veloppement de son ressenti et la conduit progressivement vers plus d&#8217;ancrage et d&#8217;ouverture, entre Terre et Ciel.<\/p><p>\u00a0<\/p><\/div><\/div><div dir=\"auto\"><div dir=\"auto\"><div dir=\"auto\">\u00a0<\/div><\/div><\/div>\t\t\t\t\t<\/div>\n\t\t\t\t\t\t<\/div>\n\t\t\t\t<\/div>\n\t\t\t\t\t\t<\/div>\n\t\t\t\t\t<\/div>\n\t\t<\/div>\n\t\t\t\t<div class=\"aux-parallax-section elementor-column elementor-col-25 elementor-top-column elementor-element elementor-element-deabc4e\" data-id=\"deabc4e\" data-element_type=\"column\" data-settings=\"{&quot;background_background&quot;:&quot;classic&quot;}\">\n\t\t\t<div class=\"elementor-column-wrap elementor-element-populated\">\n\t\t\t\t\t\t\t<div class=\"elementor-widget-wrap\">\n\t\t\t\t\t\t<div class=\"elementor-element elementor-element-d61ee93 elementor-widget elementor-widget-image\" data-id=\"d61ee93\" data-element_type=\"widget\" data-widget_type=\"image.default\">\n\t\t\t\t<div class=\"elementor-widget-container\">\n\t\t\t\t\t\t\t\t<div class=\"elementor-image\">\n\t\t\t\t\t\t\t\t\t\t\t\t<img loading=\"lazy\" decoding=\"async\" width=\"600\" height=\"600\" src=\"https:\/\/www.eclat-de-linstant.fr\/wp-content\/uploads\/2018\/12\/Nadeige_Imbert-Cousinie_Eclat-de-linstant2.jpg\" class=\"attachment-medium_large size-medium_large\" alt=\"\" srcset=\"https:\/\/www.eclat-de-linstant.fr\/wp-content\/uploads\/2018\/12\/Nadeige_Imbert-Cousinie_Eclat-de-linstant2.jpg 600w, https:\/\/www.eclat-de-linstant.fr\/wp-content\/uploads\/2018\/12\/Nadeige_Imbert-Cousinie_Eclat-de-linstant2-150x150.jpg 150w, https:\/\/www.eclat-de-linstant.fr\/wp-content\/uploads\/2018\/12\/Nadeige_Imbert-Cousinie_Eclat-de-linstant2-300x300.jpg 300w\" sizes=\"auto, (max-width: 600px) 100vw, 600px\" \/>\t\t\t\t\t\t\t\t\t\t\t\t\t\t<\/div>\n\t\t\t\t\t\t<\/div>\n\t\t\t\t<\/div>\n\t\t\t\t<div class=\"elementor-element elementor-element-370c7c7 elementor-widget elementor-widget-heading\" data-id=\"370c7c7\" data-element_type=\"widget\" data-widget_type=\"heading.default\">\n\t\t\t\t<div class=\"elementor-widget-container\">\n\t\t\t<h2 class=\"elementor-heading-title elementor-size-default\">NADEIGE IMBERT COUSINI\u00c9<\/h2>\t\t<\/div>\n\t\t\t\t<\/div>\n\t\t\t\t<div class=\"elementor-element elementor-element-ce42a47 elementor-widget elementor-widget-spacer\" data-id=\"ce42a47\" data-element_type=\"widget\" data-widget_type=\"spacer.default\">\n\t\t\t\t<div class=\"elementor-widget-container\">\n\t\t\t\t\t<div class=\"elementor-spacer\">\n\t\t\t<div class=\"elementor-spacer-inner\"><\/div>\n\t\t<\/div>\n\t\t\t\t<\/div>\n\t\t\t\t<\/div>\n\t\t\t\t<section class=\"elementor-section elementor-inner-section elementor-element elementor-element-57ea4c1 elementor-section-boxed elementor-section-height-default elementor-section-height-default\" data-id=\"57ea4c1\" data-element_type=\"section\" data-settings=\"{&quot;background_background&quot;:&quot;classic&quot;}\">\n\t\t\t\t\t\t\t<div class=\"elementor-background-overlay\"><\/div>\n\t\t\t\t\t\t\t<div class=\"elementor-container elementor-column-gap-default\">\n\t\t\t\t\t\t\t<div class=\"elementor-row\">\n\t\t\t\t\t<div class=\"aux-parallax-section elementor-column elementor-col-100 elementor-inner-column elementor-element elementor-element-b380fca\" data-id=\"b380fca\" data-element_type=\"column\" data-settings=\"{&quot;background_background&quot;:&quot;classic&quot;}\">\n\t\t\t<div class=\"elementor-column-wrap elementor-element-populated\">\n\t\t\t\t\t\t\t<div class=\"elementor-widget-wrap\">\n\t\t\t\t\t\t<div class=\"elementor-element elementor-element-b3c92d4 elementor-align-center elementor-widget elementor-widget-button\" data-id=\"b3c92d4\" data-element_type=\"widget\" data-widget_type=\"button.default\">\n\t\t\t\t<div class=\"elementor-widget-container\">\n\t\t\t\t\t<div class=\"elementor-button-wrapper\">\n\t\t\t<a href=\"http:\/\/www.shiatsu-diois.fr\" target=\"_blank\" class=\"elementor-button-link elementor-button elementor-size-sm elementor-animation-float\" role=\"button\">\n\t\t\t\t\t\t<span class=\"elementor-button-content-wrapper\">\n\t\t\t\t\t\t<span class=\"elementor-button-text\">EN SAVOIR +<\/span>\n\t\t<\/span>\n\t\t\t\t\t<\/a>\n\t\t<\/div>\n\t\t\t\t<\/div>\n\t\t\t\t<\/div>\n\t\t\t\t\t\t<\/div>\n\t\t\t\t\t<\/div>\n\t\t<\/div>\n\t\t\t\t\t\t\t\t<\/div>\n\t\t\t\t\t<\/div>\n\t\t<\/section>\n\t\t\t\t\t\t<\/div>\n\t\t\t\t\t<\/div>\n\t\t<\/div>\n\t\t\t\t\t\t\t\t<\/div>\n\t\t\t\t\t<\/div>\n\t\t<\/section>\n\t\t\t\t<section class=\"elementor-section elementor-top-section elementor-element elementor-element-74104bd3 elementor-section-boxed elementor-section-height-default elementor-section-height-default\" data-id=\"74104bd3\" data-element_type=\"section\">\n\t\t\t\t\t\t<div class=\"elementor-container elementor-column-gap-default\">\n\t\t\t\t\t\t\t<div class=\"elementor-row\">\n\t\t\t\t\t<div class=\"aux-parallax-section elementor-column elementor-col-100 elementor-top-column elementor-element elementor-element-5ecc5459\" data-id=\"5ecc5459\" data-element_type=\"column\">\n\t\t\t<div class=\"elementor-column-wrap elementor-element-populated\">\n\t\t\t\t\t\t\t<div class=\"elementor-widget-wrap\">\n\t\t\t\t\t\t<div class=\"elementor-element elementor-element-b775552 elementor-widget elementor-widget-spacer\" data-id=\"b775552\" data-element_type=\"widget\" data-widget_type=\"spacer.default\">\n\t\t\t\t<div class=\"elementor-widget-container\">\n\t\t\t\t\t<div class=\"elementor-spacer\">\n\t\t\t<div class=\"elementor-spacer-inner\"><\/div>\n\t\t<\/div>\n\t\t\t\t<\/div>\n\t\t\t\t<\/div>\n\t\t\t\t\t\t<\/div>\n\t\t\t\t\t<\/div>\n\t\t<\/div>\n\t\t\t\t\t\t\t\t<\/div>\n\t\t\t\t\t<\/div>\n\t\t<\/section>\n\t\t\t\t<section class=\"elementor-section elementor-top-section elementor-element elementor-element-42a6de5c elementor-section-boxed elementor-section-height-default elementor-section-height-default\" data-id=\"42a6de5c\" data-element_type=\"section\">\n\t\t\t\t\t\t<div class=\"elementor-container elementor-column-gap-default\">\n\t\t\t\t\t\t\t<div class=\"elementor-row\">\n\t\t\t\t\t<div class=\"aux-parallax-section elementor-column elementor-col-100 elementor-top-column elementor-element elementor-element-46f005ed\" data-id=\"46f005ed\" data-element_type=\"column\">\n\t\t\t<div class=\"elementor-column-wrap elementor-element-populated\">\n\t\t\t\t\t\t\t<div class=\"elementor-widget-wrap\">\n\t\t\t\t\t\t<div class=\"elementor-element elementor-element-6efbd5c3 elementor-widget elementor-widget-heading\" data-id=\"6efbd5c3\" data-element_type=\"widget\" data-widget_type=\"heading.default\">\n\t\t\t\t<div class=\"elementor-widget-container\">\n\t\t\t<h2 class=\"elementor-heading-title elementor-size-default\">PARTAGER CETTE PAGE<\/h2>\t\t<\/div>\n\t\t\t\t<\/div>\n\t\t\t\t\t\t<\/div>\n\t\t\t\t\t<\/div>\n\t\t<\/div>\n\t\t\t\t\t\t\t\t<\/div>\n\t\t\t\t\t<\/div>\n\t\t<\/section>\n\t\t\t\t<section class=\"elementor-section elementor-top-section elementor-element elementor-element-44648e34 elementor-section-boxed elementor-section-height-default elementor-section-height-default\" data-id=\"44648e34\" data-element_type=\"section\">\n\t\t\t\t\t\t<div class=\"elementor-container elementor-column-gap-default\">\n\t\t\t\t\t\t\t<div class=\"elementor-row\">\n\t\t\t\t\t<div class=\"aux-parallax-section elementor-column elementor-col-100 elementor-top-column elementor-element elementor-element-5b6ac0cc\" data-id=\"5b6ac0cc\" data-element_type=\"column\">\n\t\t\t<div class=\"elementor-column-wrap elementor-element-populated\">\n\t\t\t\t\t\t\t<div class=\"elementor-widget-wrap\">\n\t\t\t\t\t\t<div class=\"elementor-element elementor-element-2987d98e elementor-widget elementor-widget-shortcode\" data-id=\"2987d98e\" data-element_type=\"widget\" data-widget_type=\"shortcode.default\">\n\t\t\t\t<div class=\"elementor-widget-container\">\n\t\t\t\t\t<div class=\"elementor-shortcode\"><?php echo do_shortcode('[Sassy_Social_Share]') ?><\/div>\n\t\t\t\t<\/div>\n\t\t\t\t<\/div>\n\t\t\t\t\t\t<\/div>\n\t\t\t\t\t<\/div>\n\t\t<\/div>\n\t\t\t\t\t\t\t\t<\/div>\n\t\t\t\t\t<\/div>\n\t\t<\/section>\n\t\t\t\t\t\t\t\t\t<\/div>\n\t\t\t<\/div>\n\t\t\t\t\t<\/div>\n\t\t","protected":false},"excerpt":{"rendered":"<p>&#8220;Votre regard sur la vie vous nourrit, les souffles du ciel traversent vos poumons et vos r\u00eaves parcourent les eaux profondes. Votre corps est un jour qui se l\u00e8ve et une nuit qui s&#8217;\u00e9tale. Sa croissance est printemps, l&#8217;hiver son repos. Vous vivez au rythme de la terre et du ciel et partagez avec eux [&hellip;]<\/p>\n","protected":false},"author":1,"featured_media":0,"parent":0,"menu_order":0,"comment_status":"closed","ping_status":"closed","template":"","meta":{"footnotes":""},"class_list":["post-913","page","type-page","status-publish","hentry"],"_links":{"self":[{"href":"https:\/\/www.eclat-de-linstant.fr\/index.php\/wp-json\/wp\/v2\/pages\/913","targetHints":{"allow":["GET"]}}],"collection":[{"href":"https:\/\/www.eclat-de-linstant.fr\/index.php\/wp-json\/wp\/v2\/pages"}],"about":[{"href":"https:\/\/www.eclat-de-linstant.fr\/index.php\/wp-json\/wp\/v2\/types\/page"}],"author":[{"embeddable":true,"href":"https:\/\/www.eclat-de-linstant.fr\/index.php\/wp-json\/wp\/v2\/users\/1"}],"replies":[{"embeddable":true,"href":"https:\/\/www.eclat-de-linstant.fr\/index.php\/wp-json\/wp\/v2\/comments?post=913"}],"version-history":[{"count":86,"href":"https:\/\/www.eclat-de-linstant.fr\/index.php\/wp-json\/wp\/v2\/pages\/913\/revisions"}],"predecessor-version":[{"id":1564,"href":"https:\/\/www.eclat-de-linstant.fr\/index.php\/wp-json\/wp\/v2\/pages\/913\/revisions\/1564"}],"wp:attachment":[{"href":"https:\/\/www.eclat-de-linstant.fr\/index.php\/wp-json\/wp\/v2\/media?parent=913"}],"curies":[{"name":"wp","href":"https:\/\/api.w.org\/{rel}","templated":true}]}}